{"id":3558,"date":"2023-04-21T16:06:24","date_gmt":"2023-04-21T14:06:24","guid":{"rendered":"https:\/\/dev.tierschutz.com\/?page_id=3558"},"modified":"2026-04-13T11:16:24","modified_gmt":"2026-04-13T09:16:24","slug":"startseite","status":"publish","type":"page","link":"https:\/\/mail.sts-psa.ch\/it\/","title":{"rendered":"Homepage"},"content":{"rendered":"\n<div class=\"wp-block-cover alignfull\" style=\"min-height:100vh;aspect-ratio:unset;\"><img loading=\"lazy\" decoding=\"async\" width=\"1024\" height=\"377\" class=\"wp-block-cover__image-background wp-image-36326 size-large\" alt=\"\" src=\"https:\/\/tierschutz.com\/app\/uploads\/2026\/02\/STS_Kampagne_Landing-Page_2600x958_Schlamm_3-1024x377.jpg\" style=\"object-position:62% 46%\" data-object-fit=\"cover\" data-object-position=\"62% 46%\" srcset=\"https:\/\/mail.sts-psa.ch\/app\/uploads\/2026\/02\/STS_Kampagne_Landing-Page_2600x958_Schlamm_3-1024x377.jpg 1024w, https:\/\/mail.sts-psa.ch\/app\/uploads\/2026\/02\/STS_Kampagne_Landing-Page_2600x958_Schlamm_3-300x111.jpg 300w, https:\/\/mail.sts-psa.ch\/app\/uploads\/2026\/02\/STS_Kampagne_Landing-Page_2600x958_Schlamm_3-768x283.jpg 768w, https:\/\/mail.sts-psa.ch\/app\/uploads\/2026\/02\/STS_Kampagne_Landing-Page_2600x958_Schlamm_3-1536x566.jpg 1536w, https:\/\/mail.sts-psa.ch\/app\/uploads\/2026\/02\/STS_Kampagne_Landing-Page_2600x958_Schlamm_3-2048x755.jpg 2048w, https:\/\/mail.sts-psa.ch\/app\/uploads\/2026\/02\/STS_Kampagne_Landing-Page_2600x958_Schlamm_3-500x184.jpg 500w, https:\/\/mail.sts-psa.ch\/app\/uploads\/2026\/02\/STS_Kampagne_Landing-Page_2600x958_Schlamm_3-800x295.jpg 800w, https:\/\/mail.sts-psa.ch\/app\/uploads\/2026\/02\/STS_Kampagne_Landing-Page_2600x958_Schlamm_3-1280x472.jpg 1280w, https:\/\/mail.sts-psa.ch\/app\/uploads\/2026\/02\/STS_Kampagne_Landing-Page_2600x958_Schlamm_3-1920x707.jpg 1920w\" sizes=\"auto, (max-width: 1024px) 100vw, 1024px\" \/><span aria-hidden=\"true\" class=\"wp-block-cover__background has-foreground-background-color has-background-dim-30 has-background-dim\"><\/span><div class=\"wp-block-cover__inner-container is-layout-flow wp-block-cover-is-layout-flow\">\n<h2 class=\"wp-block-heading has-text-align-center has-background-color has-text-color\" id=\"h-220-000-gatti-randagi-hanno-bisogno-di-aiuto\"><strong>220\u2019000 gatti randagi <\/strong><br><strong>hanno bisogno di aiuto<\/strong><\/h2>\n\n\n\n<h3 class=\"wp-block-heading has-text-align-center has-background-color has-text-color\" id=\"h-la-sterilizzazione-puo-fermare-la-riproduzione-incontrollata-e-quindi-la-sofferenza-di-molti-animali-nbsp\">La sterilizzazione pu\u00f2 fermare la riproduzione incontrollata <br>e quindi la sofferenza di molti animali&nbsp;<\/h3>\n\n\n\n<div class=\"wp-block-buttons is-content-justification-center is-layout-flex wp-container-core-buttons-is-layout-a89b3969 wp-block-buttons-is-layout-flex\">\n<div class=\"wp-block-button\"><a class=\"wp-block-button__link has-text-align-center wp-element-button\" href=\"https:\/\/tierschutz.com\/it\/protezione-degli-animali\/temi\/salute-dei-gatti\/\">Scopri di pi\u00f9<\/a><\/div>\n<\/div>\n<\/div><\/div>\n\n\n\n<div class=\"wp-block-group alignfull has-lightgray-background-color has-background is-layout-constrained wp-block-group-is-layout-constrained\">\n<div class=\"wp-block-columns pull-up is-layout-flex wp-container-core-columns-is-layout-28f84493 wp-block-columns-is-layout-flex\">\n<div class=\"wp-block-column is-layout-flow wp-block-column-is-layout-flow\">\n<div class=\"wp-block-group is-style-shadow-box has-background-background-color has-background is-layout-constrained wp-block-group-is-layout-constrained\">\n<p class=\"has-secondary-color has-text-color\">Per saperne di pi\u00f9<\/p>\n\n\n\n<h2 class=\"wp-block-heading\" id=\"h-detenzione-di-animali\"><strong><strong>Detenzione di animali<\/strong><\/strong><\/h2>\n\n\n\n<p>Come detentori e detentrici di un animale domestico, vi assumete un\u2019importante responsabilit\u00e0 per la salute e la vita del vostro animale. Scoprite qui tutto ci\u00f2 che dovete sapere per una detenzione responsabile.<\/p>\n\n\n\n<div class=\"wp-block-buttons is-layout-flex wp-block-buttons-is-layout-flex\">\n<div class=\"wp-block-button\"><a class=\"wp-block-button__link wp-element-button\" href=\"https:\/\/tierschutz.com\/it\/detenzione-di-animali\/\">Informatevi adesso<\/a><\/div>\n<\/div>\n<\/div>\n<\/div>\n\n\n\n<div class=\"wp-block-column is-layout-flow wp-block-column-is-layout-flow\">\n<div class=\"wp-block-group is-style-shadow-box has-background-background-color has-background is-layout-constrained wp-block-group-is-layout-constrained\">\n<p class=\"has-secondary-color has-text-color\">Qui \u00e8 possibile trovare un<\/p>\n\n\n\n<h2 class=\"wp-block-heading\" id=\"h-segnalazione-di-animali-in-difficolta\"><strong><strong>Segnalazione di animali in difficolt\u00e0<\/strong><\/strong><\/h2>\n\n\n\n<p>Avete subito un incidente con animali selvatici o assistito a un possibile caso di maltrattamento sugli animali? Abbiamo riassunto per voi i centri di riferimento pi\u00f9 importanti e le istruzioni su come comportarsi.<\/p>\n\n\n\n<div class=\"wp-block-buttons is-layout-flex wp-block-buttons-is-layout-flex\">\n<div class=\"wp-block-button\"><a class=\"wp-block-button__link wp-element-button\" href=\"https:\/\/tierschutz.com\/it\/protezione-degli-animali\/emergenze-per-gli-animali\/\">Segnalare qui<\/a><\/div>\n<\/div>\n<\/div>\n<\/div>\n\n\n\n<div class=\"wp-block-column is-layout-flow wp-block-column-is-layout-flow\">\n<div class=\"wp-block-group is-style-shadow-box has-background-background-color has-background is-layout-constrained wp-block-group-is-layout-constrained\">\n<p class=\"has-secondary-color has-text-color\">Per saperne di pi\u00f9<\/p>\n\n\n\n<h2 class=\"wp-block-heading\" id=\"h-cedere-un-animale\"><strong><strong>Cedere un animale<\/strong><\/strong><\/h2>\n\n\n\n<p>Se dovete cedere un animale domestico in situazioni di vita difficili, \u00e8 importante che possiate consegnare il vostro animale a una nuova e buona casa. Per saperne di pi\u00f9 su cosa considerare qui.<\/p>\n\n\n\n<div class=\"wp-block-buttons is-layout-flex wp-block-buttons-is-layout-flex\">\n<div class=\"wp-block-button\"><a class=\"wp-block-button__link wp-element-button\" href=\"https:\/\/tierschutz.com\/it\/mediazione-di-animali\/cedere-un-animale\/consegna-dellanimale\/\"><strong><strong>Cedere un animale<\/strong><\/strong><\/a><\/div>\n<\/div>\n<\/div>\n<\/div>\n<\/div>\n<\/div>\n\n\n\n<div class=\"wp-block-group alignfull has-background-background-color has-background is-layout-constrained wp-block-group-is-layout-constrained\"><div class=\"yoast-breadcrumbs\"><span><span><a href=\"https:\/\/tierschutz.com\/it\/\">Pagina iniziale<\/a><\/span> \u00bb <span class=\"breadcrumb_last\" aria-current=\"page\">Homepage<\/span><\/span><\/div>\n\n\n<h1 class=\"wp-block-heading has-text-align-center\" id=\"h-protezione-svizzera-degli-animali-psa-nbsp\"><strong><strong>Protezione Svizzera degli Animali PSA&nbsp;<\/strong><\/strong><\/h1>\n\n\n\n<hr class=\"wp-block-separator has-text-color has-primary-color has-alpha-channel-opacity has-primary-background-color has-background\"\/>\n\n\n\n<p class=\"has-text-align-center\">Da oltre 160 anni la Protezione Svizzera degli Animali PSA si impegna per il benessere degli animali in modo costante, credibile ed efficace. La PSA utilizza la sua forte competenza a livello nazionale in ambito tecnico e politico per migliorare la tutela degli animali e per sensibilizzare le persone verso le tematiche concernenti la protezione degli animali.&nbsp;<\/p>\n\n\n\n<p class=\"has-text-align-center\">Con i loro rifugi e case di accoglienza, le 70 sezioni dell&#8217;PSA in tutti i cantoni e le regioni linguistiche della Svizzera e del Liechtenstein svolgono un lavoro fondamentale per la protezione degli animali. La PSA finanzia le proprie attivit\u00e0 esclusivamente tramite donazioni.<\/p>\n\n\n\n<div class=\"wp-block-buttons is-content-justification-center is-layout-flex wp-container-core-buttons-is-layout-a89b3969 wp-block-buttons-is-layout-flex\">\n<div class=\"wp-block-button\"><a class=\"wp-block-button__link wp-element-button\" href=\"https:\/\/tierschutz.com\/it\/chi-siamo\/\">Conosceteci meglio<\/a><\/div>\n<\/div>\n\n\n\n<div style=\"height:39px\" aria-hidden=\"true\" class=\"wp-block-spacer\"><\/div>\n<\/div>\n\n\n\n\n\n<div class=\"wp-block-group alignfull has-background-background-color has-background is-layout-constrained wp-block-group-is-layout-constrained\">\n<hr class=\"wp-block-separator has-text-color has-gray-color has-alpha-channel-opacity has-gray-background-color has-background is-style-wide\"\/>\n\n\n\n<h2 class=\"wp-block-heading has-text-align-center\" id=\"h-competenza-e-assistenza\"><strong><strong>Competenza e assistenza<\/strong><\/strong><\/h2>\n\n\n\n<hr class=\"wp-block-separator has-text-color has-primary-color has-alpha-channel-opacity has-primary-background-color has-background\"\/>\n\n\n\n<div class=\"wp-block-group is-layout-flex wp-container-core-group-is-layout-d0921e6e wp-block-group-is-layout-flex\">\n<div class=\"wp-block-media-text alignwide is-stacked-on-mobile is-style-stacked\"><figure class=\"wp-block-media-text__media\"><img loading=\"lazy\" decoding=\"async\" width=\"1024\" height=\"683\" src=\"https:\/\/tierschutz.com\/app\/uploads\/2023\/05\/schweizer-tierschutz-tier-adoptieren-1024x683.jpg\" alt=\"\" class=\"wp-image-472 size-full\" srcset=\"https:\/\/mail.sts-psa.ch\/app\/uploads\/2023\/05\/schweizer-tierschutz-tier-adoptieren-1024x683.jpg 1024w, https:\/\/mail.sts-psa.ch\/app\/uploads\/2023\/05\/schweizer-tierschutz-tier-adoptieren-300x200.jpg 300w, https:\/\/mail.sts-psa.ch\/app\/uploads\/2023\/05\/schweizer-tierschutz-tier-adoptieren-768x512.jpg 768w, https:\/\/mail.sts-psa.ch\/app\/uploads\/2023\/05\/schweizer-tierschutz-tier-adoptieren-1536x1024.jpg 1536w, https:\/\/mail.sts-psa.ch\/app\/uploads\/2023\/05\/schweizer-tierschutz-tier-adoptieren-2048x1365.jpg 2048w\" sizes=\"auto, (max-width: 1024px) 100vw, 1024px\" \/><\/figure><div class=\"wp-block-media-text__content\">\n<h3 class=\"wp-block-heading\" id=\"h-adozione-di-animali-nbsp\"><strong><strong>Adozione di animali&nbsp;<\/strong><\/strong><\/h3>\n\n\n\n<p>Chi adotta un animale gli dona una vita migliore e allo stesso tempo d\u00e0 un prezioso contributo alla protezione degli animali.<\/p>\n\n\n\n<div class=\"wp-block-buttons is-layout-flex wp-block-buttons-is-layout-flex\">\n<div class=\"wp-block-button\"><a class=\"wp-block-button__link wp-element-button\" href=\"https:\/\/tierschutz.com\/tiervermittlung\/tiervermittlung-und-kauf\/adopt-a-pet\/\">Come e dove adottare?<\/a><\/div>\n<\/div>\n<\/div><\/div>\n\n\n\n<div class=\"wp-block-media-text alignwide is-stacked-on-mobile is-style-stacked\"><figure class=\"wp-block-media-text__media\"><img loading=\"lazy\" decoding=\"async\" width=\"1024\" height=\"683\" src=\"https:\/\/tierschutz.com\/app\/uploads\/2023\/05\/schweizer-tierschutz-heimtierhaltung-1024x683.jpg\" alt=\"\" class=\"wp-image-473 size-full\" srcset=\"https:\/\/mail.sts-psa.ch\/app\/uploads\/2023\/05\/schweizer-tierschutz-heimtierhaltung-1024x683.jpg 1024w, https:\/\/mail.sts-psa.ch\/app\/uploads\/2023\/05\/schweizer-tierschutz-heimtierhaltung-300x200.jpg 300w, https:\/\/mail.sts-psa.ch\/app\/uploads\/2023\/05\/schweizer-tierschutz-heimtierhaltung-768x512.jpg 768w, https:\/\/mail.sts-psa.ch\/app\/uploads\/2023\/05\/schweizer-tierschutz-heimtierhaltung-1536x1024.jpg 1536w, https:\/\/mail.sts-psa.ch\/app\/uploads\/2023\/05\/schweizer-tierschutz-heimtierhaltung-2048x1365.jpg 2048w\" sizes=\"auto, (max-width: 1024px) 100vw, 1024px\" \/><\/figure><div class=\"wp-block-media-text__content\">\n<h3 class=\"wp-block-heading\" id=\"h-detenzione-di-animali-da-compagnia-nbsp\"><strong><strong>Detenzione di animali da compagnia&nbsp;<\/strong><\/strong><\/h3>\n\n\n\n<p>Come si detiene un animale da compagnia in modo appropriato alla specie? Scoprite gli aspetti pi\u00f9 importanti per una detenzione responsabile degli animali da compagnia pi\u00f9 popolari.<\/p>\n\n\n\n<div class=\"wp-block-buttons is-layout-flex wp-block-buttons-is-layout-flex\">\n<div class=\"wp-block-button\"><a class=\"wp-block-button__link wp-element-button\" href=\"https:\/\/tierschutz.com\/it\/detenzione-di-animali\/\">Scoprire di pi\u00f9<\/a><\/div>\n<\/div>\n<\/div><\/div>\n\n\n\n<div class=\"wp-block-media-text alignwide is-stacked-on-mobile is-style-stacked\"><figure class=\"wp-block-media-text__media\"><img loading=\"lazy\" decoding=\"async\" width=\"1024\" height=\"683\" src=\"https:\/\/tierschutz.com\/app\/uploads\/2023\/05\/schweizer-tierschutz-tierkontrolle-1024x683.jpg\" alt=\"\" class=\"wp-image-474 size-full\" srcset=\"https:\/\/mail.sts-psa.ch\/app\/uploads\/2023\/05\/schweizer-tierschutz-tierkontrolle-1024x683.jpg 1024w, https:\/\/mail.sts-psa.ch\/app\/uploads\/2023\/05\/schweizer-tierschutz-tierkontrolle-300x200.jpg 300w, https:\/\/mail.sts-psa.ch\/app\/uploads\/2023\/05\/schweizer-tierschutz-tierkontrolle-768x512.jpg 768w, https:\/\/mail.sts-psa.ch\/app\/uploads\/2023\/05\/schweizer-tierschutz-tierkontrolle-1536x1024.jpg 1536w, https:\/\/mail.sts-psa.ch\/app\/uploads\/2023\/05\/schweizer-tierschutz-tierkontrolle-2048x1365.jpg 2048w\" sizes=\"auto, (max-width: 1024px) 100vw, 1024px\" \/><\/figure><div class=\"wp-block-media-text__content\">\n<h3 class=\"wp-block-heading\" id=\"h-controllo-della-protezione-degli-animali-nbsp\"><strong><strong><strong>Controllo della protezione degli animali&nbsp;<\/strong><\/strong><\/strong><\/h3>\n\n\n\n<p>Il nostro ufficio specialistico \u00abControllo della protezione degli animali\u00bb elabora tutte le segnalazioni di maltrattamenti e di detenzioni contrarie al benessere degli animali.&nbsp;<\/p>\n\n\n\n<div class=\"wp-block-buttons is-layout-flex wp-block-buttons-is-layout-flex\">\n<div class=\"wp-block-button\"><a class=\"wp-block-button__link wp-element-button\" href=\"https:\/\/tierschutz.com\/it\/detenzione-di-animali\/controlli-sulla-protezione-degli-animali\/ufficio-specialistico\/\">Ulteriori informazioni<\/a><\/div>\n<\/div>\n<\/div><\/div>\n\n\n\n<div class=\"wp-block-media-text alignwide is-stacked-on-mobile is-style-stacked\"><figure class=\"wp-block-media-text__media\"><img loading=\"lazy\" decoding=\"async\" width=\"1024\" height=\"683\" src=\"https:\/\/tierschutz.com\/app\/uploads\/2023\/05\/sts-tieraerztliche-beratung-rechtsberatung-1024x683.jpg\" alt=\"\" class=\"wp-image-475 size-full\" srcset=\"https:\/\/mail.sts-psa.ch\/app\/uploads\/2023\/05\/sts-tieraerztliche-beratung-rechtsberatung-1024x683.jpg 1024w, https:\/\/mail.sts-psa.ch\/app\/uploads\/2023\/05\/sts-tieraerztliche-beratung-rechtsberatung-300x200.jpg 300w, https:\/\/mail.sts-psa.ch\/app\/uploads\/2023\/05\/sts-tieraerztliche-beratung-rechtsberatung-768x512.jpg 768w, https:\/\/mail.sts-psa.ch\/app\/uploads\/2023\/05\/sts-tieraerztliche-beratung-rechtsberatung-1536x1024.jpg 1536w, https:\/\/mail.sts-psa.ch\/app\/uploads\/2023\/05\/sts-tieraerztliche-beratung-rechtsberatung-2048x1365.jpg 2048w\" sizes=\"auto, (max-width: 1024px) 100vw, 1024px\" \/><\/figure><div class=\"wp-block-media-text__content\">\n<h3 class=\"wp-block-heading\" id=\"h-consulenza-veterinaria-e-giuridica-nbsp\"><strong>Consulenza veterinaria e giuridica&nbsp;<\/strong><\/h3>\n\n\n\n<p>L\u2019assistenza giuridica PSA e il servizio di consulenza veterinaria sono a vostra disposizione con la loro competenza per questioni legate alla protezione degli animali.&nbsp;<\/p>\n\n\n\n<div class=\"wp-block-buttons is-layout-flex wp-block-buttons-is-layout-flex\">\n<div class=\"wp-block-button\"><a class=\"wp-block-button__link wp-element-button\" href=\"https:\/\/tierschutz.com\/it\/chi-siamo\/consulenza\/\">Vai ai contatti<\/a><\/div>\n<\/div>\n<\/div><\/div>\n\n\n\n<div class=\"wp-block-media-text alignwide is-stacked-on-mobile is-style-stacked\"><figure class=\"wp-block-media-text__media\"><img decoding=\"async\" src=\"https:\/\/tierschutz.com\/app\/uploads\/2023\/05\/STS-Krax-1024x658.jpg\" alt=\"Zwei Kinder mit einem Krax Pl\u00fcschtier vor einem Junge und das Pl\u00fcschtier verdeckt das zweite Kind\" class=\"wp-image-2175 size-full\"\/><\/figure><div class=\"wp-block-media-text__content\">\n<h3 class=\"wp-block-heading\" id=\"h-krax\"><strong><strong><strong>Krax<\/strong><\/strong><\/strong><\/h3>\n\n\n\n<p>Krax \u00e8 l&#8217;ampia gamma di attivit\u00e0 sul benessere degli animali per bambini e ragazzi di et\u00e0 compresa tra i 7 e i 15 anni. Con il Krax Club e la Krax School.<\/p>\n\n\n\n<div class=\"wp-block-buttons is-layout-flex wp-block-buttons-is-layout-flex\">\n<div class=\"wp-block-button\"><a class=\"wp-block-button__link wp-element-button\" href=\"https:\/\/www.krax.ch\/it\/\" target=\"_blank\" rel=\"noreferrer noopener\">Scoprire di pi\u00f9<\/a><\/div>\n<\/div>\n<\/div><\/div>\n\n\n\n<div class=\"wp-block-media-text alignwide is-stacked-on-mobile is-style-stacked\"><figure class=\"wp-block-media-text__media\"><img loading=\"lazy\" decoding=\"async\" width=\"1024\" height=\"683\" src=\"https:\/\/tierschutz.com\/app\/uploads\/2023\/06\/sts-politik-1024x683.jpg\" alt=\"Schweizer Matterhorn mit Schweizerfahne im Vordergrund. \" class=\"wp-image-6262 size-full\" srcset=\"https:\/\/mail.sts-psa.ch\/app\/uploads\/2023\/06\/sts-politik-1024x683.jpg 1024w, https:\/\/mail.sts-psa.ch\/app\/uploads\/2023\/06\/sts-politik-300x200.jpg 300w, https:\/\/mail.sts-psa.ch\/app\/uploads\/2023\/06\/sts-politik-768x512.jpg 768w, https:\/\/mail.sts-psa.ch\/app\/uploads\/2023\/06\/sts-politik-1536x1024.jpg 1536w, https:\/\/mail.sts-psa.ch\/app\/uploads\/2023\/06\/sts-politik-2048x1365.jpg 2048w\" sizes=\"auto, (max-width: 1024px) 100vw, 1024px\" \/><\/figure><div class=\"wp-block-media-text__content\">\n<h3 class=\"wp-block-heading\" id=\"h-politica\"><strong><strong><strong><strong><strong><strong>Politica<\/strong><\/strong><\/strong><\/strong><\/strong><\/strong><\/h3>\n\n\n\n<p>Siamo indipendenti dalle politiche di partito. Con un lavoro mirato di promozione e supporto, la PSA rivendica la leadership in molti ambiti della scena politica, rilevanti per la protezione degli animali.<\/p>\n\n\n\n<div class=\"wp-block-buttons is-layout-flex wp-block-buttons-is-layout-flex\">\n<div class=\"wp-block-button\"><a class=\"wp-block-button__link wp-element-button\" href=\"https:\/\/tierschutz.com\/it\/chi-siamo\/politica\/\">Scoprire le campagne<\/a><\/div>\n<\/div>\n<\/div><\/div>\n<\/div>\n<\/div>\n\n\n\n<div class=\"wp-block-cover alignfull has-custom-content-position is-position-bottom-left\"><span aria-hidden=\"true\" class=\"wp-block-cover__background has-background-dim-0 has-background-dim\"><\/span><img loading=\"lazy\" decoding=\"async\" width=\"2560\" height=\"1696\" class=\"wp-block-cover__image-background wp-image-441\" alt=\"\" src=\"https:\/\/tierschutz.com\/app\/uploads\/2023\/05\/schweizer-tierschutz-online-spende-scaled.jpg\" style=\"object-position:57% 41%\" data-object-fit=\"cover\" data-object-position=\"57% 41%\" srcset=\"https:\/\/mail.sts-psa.ch\/app\/uploads\/2023\/05\/schweizer-tierschutz-online-spende-scaled.jpg 2560w, https:\/\/mail.sts-psa.ch\/app\/uploads\/2023\/05\/schweizer-tierschutz-online-spende-300x199.jpg 300w, https:\/\/mail.sts-psa.ch\/app\/uploads\/2023\/05\/schweizer-tierschutz-online-spende-1024x678.jpg 1024w, https:\/\/mail.sts-psa.ch\/app\/uploads\/2023\/05\/schweizer-tierschutz-online-spende-768x509.jpg 768w, https:\/\/mail.sts-psa.ch\/app\/uploads\/2023\/05\/schweizer-tierschutz-online-spende-1536x1017.jpg 1536w, https:\/\/mail.sts-psa.ch\/app\/uploads\/2023\/05\/schweizer-tierschutz-online-spende-2048x1356.jpg 2048w\" sizes=\"auto, (max-width: 2560px) 100vw, 2560px\" \/><div class=\"wp-block-cover__inner-container is-layout-flow wp-block-cover-is-layout-flow\">\n<div class=\"wp-block-group is-style-shadow-box has-foreground-color has-background-background-color has-text-color has-background is-layout-constrained wp-block-group-is-layout-constrained\">\n<h3 class=\"wp-block-heading\"><strong><strong><strong><strong>Sosteneteci per aiutare gli animali&nbsp;<\/strong><\/strong><\/strong><\/strong><\/h3>\n\n\n\n<p>Aiutateci ad aiutare gli animali. Con le vostre donazioni, lavoriamo con costanza e ostinazione per migliorare in modo tangibile le condizioni degli animali bisognosi. Gli uffici specialistici e di consulenza della Protezione Svizzera degli Animali PSA nonch\u00e9 le sue sezioni si impegnano in modo efficace per il benessere gli animali. \u00c8 una promessa!<\/p>\n\n\n\n<p>La PSA \u00e8 riconosciuta come ente di utilit\u00e0 pubblica. Potete quindi presentare la vostra donazione come detrazione nella dichiarazione dei redditi.<\/p>\n\n\n\n<div class=\"wp-block-buttons is-layout-flex wp-block-buttons-is-layout-flex\">\n<div class=\"wp-block-button\"><a class=\"wp-block-button__link wp-element-button\" href=\"https:\/\/tierschutz.com\/it\/protezione-degli-animali\/donazioni\/donare\/\">Donare ora<\/a><\/div>\n<\/div>\n<\/div>\n<\/div><\/div>\n\n\n\n<div class=\"wp-block-group alignfull has-background-background-color has-background is-layout-constrained wp-block-group-is-layout-constrained\">\n<div class=\"wp-block-group is-layout-flex wp-container-core-group-is-layout-d0921e6e wp-block-group-is-layout-flex\">\n<div class=\"wp-block-group is-style-shadow-box has-background-background-color has-background is-layout-constrained wp-block-group-is-layout-constrained\">\n<h3 class=\"wp-block-heading\" id=\"h-eredita-e-legati-nbsp\"><strong><strong>Eredit\u00e0 e legati&nbsp;<\/strong><\/strong><\/h3>\n\n\n\n<p>L\u2019amore per gli animali pu\u00f2 essere letteralmente infinito. Avete l\u2019opportunit\u00e0 di aiutare gli animali anche oltre la vostra vita e di sostenere il lavoro di pubblica utilit\u00e0 della PSA.<\/p>\n\n\n\n<div class=\"wp-block-buttons is-layout-flex wp-block-buttons-is-layout-flex\">\n<div class=\"wp-block-button\"><a class=\"wp-block-button__link wp-element-button\" href=\"https:\/\/tierschutz.com\/it\/protezione-degli-animali\/donazioni\/donazione-di-successione\/\">Informatevi adesso<\/a><\/div>\n<\/div>\n<\/div>\n\n\n\n<div class=\"wp-block-group is-style-shadow-box has-background-background-color has-background is-layout-constrained wp-block-group-is-layout-constrained\">\n<h3 class=\"wp-block-heading\" id=\"h-donazione-in-memoria-nbsp\"><strong><strong>Donazione in memoria&nbsp;<\/strong><\/strong><\/h3>\n\n\n\n<p>Fare del bene in memoria di qualcuno: con una donazione in memoria alla Protezione Svizzera degli Animali PSA fate un gesto speciale a nome di una persona cara e mostrate la vostra solidariet\u00e0 verso gli animali bisognosi.<\/p>\n\n\n\n<div class=\"wp-block-buttons is-layout-flex wp-block-buttons-is-layout-flex\">\n<div class=\"wp-block-button\"><a class=\"wp-block-button__link wp-element-button\" href=\"https:\/\/tierschutz.com\/it\/protezione-degli-animali\/donazioni\/donazione-in-memoria\/\">Ecco come procedere<\/a><\/div>\n<\/div>\n<\/div>\n\n\n\n<div class=\"wp-block-group is-style-shadow-box has-background-background-color has-background is-layout-constrained wp-block-group-is-layout-constrained\">\n<h3 class=\"wp-block-heading\" id=\"h-servizio-donazioni-nbsp\"><strong><strong><strong>Servizio donazioni&nbsp;<\/strong><\/strong><\/strong><\/h3>\n\n\n\n<p>In qualit\u00e0 di donatori e donatrici della PSA, sarete informati regolarmente sulle attivit\u00e0 della Protezione Svizzera degli Animali PSA.&nbsp;<br>&nbsp;<br>&nbsp;<\/p>\n\n\n\n<div class=\"wp-block-buttons is-layout-flex wp-block-buttons-is-layout-flex\">\n<div class=\"wp-block-button\"><a class=\"wp-block-button__link wp-element-button\" href=\"https:\/\/tierschutz.com\/it\/?page_id=6225\">Diventare donatori \/ donatrici<\/a><\/div>\n<\/div>\n<\/div>\n<\/div>\n<\/div>\n\n\n\n<div class=\"wp-block-group alignfull has-background-background-color has-background is-layout-constrained wp-block-group-is-layout-constrained\">\n<h2 class=\"wp-block-heading has-text-align-center\" id=\"h-news-sulla-protezione-degli-animali-nbsp\"><strong><strong>News sulla protezione degli animali&nbsp;<\/strong><\/strong><\/h2>\n\n\n\n<hr class=\"wp-block-separator has-text-color has-primary-color has-alpha-channel-opacity has-primary-background-color has-background\"\/>\n\n\n\n<p class=\"has-text-align-center\">Restate sempre informati sulle importanti novit\u00e0 in materia di protezione degli animali a livello nazionale e internazionale. I nostri esperti vi aggiornano costantemente su argomenti attuali e vi forniscono informazioni di base importanti.&nbsp;<\/p>\n<\/div>\n\n\n\n<div class=\"wp-block-group has-background-background-color has-background is-layout-constrained wp-block-group-is-layout-constrained\">\n<div class=\"wp-block-query is-ajax is-layout-flow wp-block-query-is-layout-flow\"><ul class=\"columns-3 wp-block-post-template is-layout-grid wp-container-core-post-template-is-layout-6d3fbd8f wp-block-post-template-is-layout-grid\"><li class=\"wp-block-post post-34803 post type-post status-publish format-standard has-post-thumbnail hentry category-comunicato-stampa category-protezione-svizzera-degli-animali-psa\">\n<figure class=\"wp-block-post-featured-image\"><a href=\"https:\/\/mail.sts-psa.ch\/it\/peter-v-kunz-rieletto-presidente-della-psa-lassemblea-dei-delegati-elegge-anche-il-comitato-direttivo-rinnovato\/\" target=\"_self\"  ><img loading=\"lazy\" decoding=\"async\" width=\"2560\" height=\"1440\" src=\"https:\/\/mail.sts-psa.ch\/app\/uploads\/2025\/03\/sts-logo-MM-it-scaled.jpg\" class=\"attachment-post-thumbnail size-post-thumbnail wp-post-image\" alt=\"Peter V. Kunz rieletto Presidente della PSA \u2013 L\u2019Assemblea dei delegati elegge anche il Comitato direttivo rinnovato\" style=\"object-fit:cover;\" srcset=\"https:\/\/mail.sts-psa.ch\/app\/uploads\/2025\/03\/sts-logo-MM-it-scaled.jpg 2560w, https:\/\/mail.sts-psa.ch\/app\/uploads\/2025\/03\/sts-logo-MM-it-300x169.jpg 300w, https:\/\/mail.sts-psa.ch\/app\/uploads\/2025\/03\/sts-logo-MM-it-1024x576.jpg 1024w, https:\/\/mail.sts-psa.ch\/app\/uploads\/2025\/03\/sts-logo-MM-it-768x432.jpg 768w, https:\/\/mail.sts-psa.ch\/app\/uploads\/2025\/03\/sts-logo-MM-it-1536x864.jpg 1536w, https:\/\/mail.sts-psa.ch\/app\/uploads\/2025\/03\/sts-logo-MM-it-2048x1152.jpg 2048w\" sizes=\"auto, (max-width: 2560px) 100vw, 2560px\" \/><\/a><\/figure>\n\n<div class=\"taxonomy-category wp-block-post-terms has-text-color has-secondary-color has-background has-background-background-color\"><a href=\"https:\/\/mail.sts-psa.ch\/it\/category\/comunicato-stampa\/\" rel=\"tag\">Comunicato stampa<\/a><span class=\"wp-block-post-terms__separator\">, <\/span><a href=\"https:\/\/mail.sts-psa.ch\/it\/category\/protezione-svizzera-degli-animali-psa\/\" rel=\"tag\">Protezione Svizzera degli Animali PSA<\/a><\/div>\n\n<h3 class=\"wp-block-post-title\"><a href=\"https:\/\/mail.sts-psa.ch\/it\/peter-v-kunz-rieletto-presidente-della-psa-lassemblea-dei-delegati-elegge-anche-il-comitato-direttivo-rinnovato\/\" target=\"_self\" >Peter V. Kunz rieletto Presidente della PSA \u2013 L\u2019Assemblea dei delegati elegge anche il Comitato direttivo rinnovato<\/a><\/h3>\n\n<div class=\"wp-block-post-date has-text-color has-secondary-color\"><time datetime=\"2025-10-18T19:23:25+02:00\">18 Ottobre 2025<\/time><\/div>\n\n<div class=\"wp-block-post-excerpt\"><p class=\"wp-block-post-excerpt__excerpt\">Peter V. Kunz continua a guidare la Protezione Svizzera degli Animali PSA verso il futuro. All\u2019odierna Assemblea ordinaria dei delegati a Berna, \u00e8 stato confermato Presidente della PSA con un ampio consenso. Kunz \u00e8 in carica dall\u2019aprile 2025. I delegati hanno inoltre eletto un Comitato direttivo rinnovato quale organo direttivo strategico della PSA.<\/p><p class=\"wp-block-post-excerpt__more-text\"><a class=\"wp-block-post-excerpt__more-link\" href=\"https:\/\/mail.sts-psa.ch\/it\/peter-v-kunz-rieletto-presidente-della-psa-lassemblea-dei-delegati-elegge-anche-il-comitato-direttivo-rinnovato\/\"><strong>All\u2019articolo<\/strong><\/a><\/p><\/div>\n<\/li><li class=\"wp-block-post post-34154 post type-post status-publish format-standard has-post-thumbnail hentry category-animali-della-fattoria category-test-sugli-animali\">\n<figure class=\"wp-block-post-featured-image\"><a href=\"https:\/\/mail.sts-psa.ch\/it\/il-cavallo-da-laboratorio-java-scrive-la-storia-del-rehoming\/\" target=\"_self\"  ><img loading=\"lazy\" decoding=\"async\" width=\"1200\" height=\"400\" src=\"https:\/\/mail.sts-psa.ch\/app\/uploads\/2025\/09\/Design-ohne-Titel-1.jpg\" class=\"attachment-post-thumbnail size-post-thumbnail wp-post-image\" alt=\"Il cavallo da laboratorio Java scrive la storia del rehoming\" style=\"object-fit:cover;\" srcset=\"https:\/\/mail.sts-psa.ch\/app\/uploads\/2025\/09\/Design-ohne-Titel-1.jpg 1200w, https:\/\/mail.sts-psa.ch\/app\/uploads\/2025\/09\/Design-ohne-Titel-1-300x100.jpg 300w, https:\/\/mail.sts-psa.ch\/app\/uploads\/2025\/09\/Design-ohne-Titel-1-1024x341.jpg 1024w, https:\/\/mail.sts-psa.ch\/app\/uploads\/2025\/09\/Design-ohne-Titel-1-768x256.jpg 768w\" sizes=\"auto, (max-width: 1200px) 100vw, 1200px\" \/><\/a><\/figure>\n\n<div class=\"taxonomy-category wp-block-post-terms has-text-color has-secondary-color has-background has-background-background-color\"><a href=\"https:\/\/mail.sts-psa.ch\/it\/category\/animali-della-fattoria\/\" rel=\"tag\">Animali della fattoria<\/a><span class=\"wp-block-post-terms__separator\">, <\/span><a href=\"https:\/\/mail.sts-psa.ch\/it\/category\/test-sugli-animali\/\" rel=\"tag\">Test sugli animali<\/a><\/div>\n\n<h3 class=\"wp-block-post-title\"><a href=\"https:\/\/mail.sts-psa.ch\/it\/il-cavallo-da-laboratorio-java-scrive-la-storia-del-rehoming\/\" target=\"_self\" >Il cavallo da laboratorio Java scrive la storia del rehoming<\/a><\/h3>\n\n<div class=\"wp-block-post-date has-text-color has-secondary-color\"><time datetime=\"2025-09-18T14:51:19+02:00\">18 Settembre 2025<\/time><\/div>\n\n<div class=\"wp-block-post-excerpt\"><p class=\"wp-block-post-excerpt__excerpt\">Per 12 anni la cavalla Freiberg Java ha prestato servizio come cavallo da laboratorio alla scienza e alla medicina veterinaria. Cavalli come lei permettono agli studenti di esercitarsi su interventi come prelievi di sangue, esami rettali o procedure cliniche.<\/p><p class=\"wp-block-post-excerpt__more-text\"><a class=\"wp-block-post-excerpt__more-link\" href=\"https:\/\/mail.sts-psa.ch\/it\/il-cavallo-da-laboratorio-java-scrive-la-storia-del-rehoming\/\"><strong>All\u2019articolo<\/strong><\/a><\/p><\/div>\n<\/li><li class=\"wp-block-post post-33793 post type-post status-publish format-standard has-post-thumbnail hentry category-protezione-svizzera-degli-animali-psa\">\n<figure class=\"wp-block-post-featured-image\"><a href=\"https:\/\/mail.sts-psa.ch\/it\/peter-v-kunz-tra-i-difensori-degli-animali-non-deve-insinuarsi-una-logica-con-correnziale\/\" target=\"_self\"  ><img loading=\"lazy\" decoding=\"async\" width=\"2560\" height=\"1440\" src=\"https:\/\/mail.sts-psa.ch\/app\/uploads\/2025\/03\/sts-logo-MM-it-scaled.jpg\" class=\"attachment-post-thumbnail size-post-thumbnail wp-post-image\" alt=\"Peter V. Kunz: \u00abTra i difensori degli animali non deve insinuarsi una logica con-correnziale.\u00bb\" style=\"object-fit:cover;\" srcset=\"https:\/\/mail.sts-psa.ch\/app\/uploads\/2025\/03\/sts-logo-MM-it-scaled.jpg 2560w, https:\/\/mail.sts-psa.ch\/app\/uploads\/2025\/03\/sts-logo-MM-it-300x169.jpg 300w, https:\/\/mail.sts-psa.ch\/app\/uploads\/2025\/03\/sts-logo-MM-it-1024x576.jpg 1024w, https:\/\/mail.sts-psa.ch\/app\/uploads\/2025\/03\/sts-logo-MM-it-768x432.jpg 768w, https:\/\/mail.sts-psa.ch\/app\/uploads\/2025\/03\/sts-logo-MM-it-1536x864.jpg 1536w, https:\/\/mail.sts-psa.ch\/app\/uploads\/2025\/03\/sts-logo-MM-it-2048x1152.jpg 2048w\" sizes=\"auto, (max-width: 2560px) 100vw, 2560px\" \/><\/a><\/figure>\n\n<div class=\"taxonomy-category wp-block-post-terms has-text-color has-secondary-color has-background has-background-background-color\"><a href=\"https:\/\/mail.sts-psa.ch\/it\/category\/protezione-svizzera-degli-animali-psa\/\" rel=\"tag\">Protezione Svizzera degli Animali PSA<\/a><\/div>\n\n<h3 class=\"wp-block-post-title\"><a href=\"https:\/\/mail.sts-psa.ch\/it\/peter-v-kunz-tra-i-difensori-degli-animali-non-deve-insinuarsi-una-logica-con-correnziale\/\" target=\"_self\" >Peter V. Kunz: \u00abTra i difensori degli animali non deve insinuarsi una logica con-correnziale.\u00bb<\/a><\/h3>\n\n<div class=\"wp-block-post-date has-text-color has-secondary-color\"><time datetime=\"2025-09-17T08:57:07+02:00\">17 Settembre 2025<\/time><\/div>\n\n<div class=\"wp-block-post-excerpt\"><p class=\"wp-block-post-excerpt__excerpt\">All\u2019Assemblea dei delegati del 18\u00a0ottobre\u00a02025, l\u2019attuale Presidente della Protezione Svizzera degli Animali PSA si candider\u00e0 per la rielezione. Nell\u2019intervista spiega perch\u00e9 desidera essere rieletto, qual \u00e8 la sua posizione sui principali temi di attualit\u00e0 legati alla protezione degli animali e quali obiettivi intende raggiungere insieme alla PSA.<\/p><p class=\"wp-block-post-excerpt__more-text\"><a class=\"wp-block-post-excerpt__more-link\" href=\"https:\/\/mail.sts-psa.ch\/it\/peter-v-kunz-tra-i-difensori-degli-animali-non-deve-insinuarsi-una-logica-con-correnziale\/\"><strong>All\u2019articolo<\/strong><\/a><\/p><\/div>\n<\/li><li class=\"wp-block-post post-32506 post type-post status-publish format-standard has-post-thumbnail hentry category-animali-domestici\">\n<figure class=\"wp-block-post-featured-image\"><a href=\"https:\/\/mail.sts-psa.ch\/it\/come-proteggere-i-vostri-animali-domestici-dal-caldo-estivo\/\" target=\"_self\"  ><img loading=\"lazy\" decoding=\"async\" width=\"1485\" height=\"564\" src=\"https:\/\/mail.sts-psa.ch\/app\/uploads\/2025\/06\/katze-strand-streifen.jpg\" class=\"attachment-post-thumbnail size-post-thumbnail wp-post-image\" alt=\"Come proteggere i vostri animali domestici dal caldo estivo\" style=\"object-fit:cover;\" srcset=\"https:\/\/mail.sts-psa.ch\/app\/uploads\/2025\/06\/katze-strand-streifen.jpg 1485w, https:\/\/mail.sts-psa.ch\/app\/uploads\/2025\/06\/katze-strand-streifen-300x114.jpg 300w, https:\/\/mail.sts-psa.ch\/app\/uploads\/2025\/06\/katze-strand-streifen-1024x389.jpg 1024w, https:\/\/mail.sts-psa.ch\/app\/uploads\/2025\/06\/katze-strand-streifen-768x292.jpg 768w\" sizes=\"auto, (max-width: 1485px) 100vw, 1485px\" \/><\/a><\/figure>\n\n<div class=\"taxonomy-category wp-block-post-terms has-text-color has-secondary-color has-background has-background-background-color\"><a href=\"https:\/\/mail.sts-psa.ch\/it\/category\/animali-domestici\/\" rel=\"tag\">Animali domestici<\/a><\/div>\n\n<h3 class=\"wp-block-post-title\"><a href=\"https:\/\/mail.sts-psa.ch\/it\/come-proteggere-i-vostri-animali-domestici-dal-caldo-estivo\/\" target=\"_self\" >Come proteggere i vostri animali domestici dal caldo estivo<\/a><\/h3>\n\n<div class=\"wp-block-post-date has-text-color has-secondary-color\"><time datetime=\"2025-06-26T16:21:52+02:00\">26 Giugno 2025<\/time><\/div>\n\n<div class=\"wp-block-post-excerpt\"><p class=\"wp-block-post-excerpt__excerpt\">Le estati stanno diventando sempre pi\u00f9 calde e questo rappresenta una grande sfida non solo per noi esseri umani, ma anche per i nostri animali domestici.<\/p><p class=\"wp-block-post-excerpt__more-text\"><a class=\"wp-block-post-excerpt__more-link\" href=\"https:\/\/mail.sts-psa.ch\/it\/come-proteggere-i-vostri-animali-domestici-dal-caldo-estivo\/\"><strong>All\u2019articolo<\/strong><\/a><\/p><\/div>\n<\/li><li class=\"wp-block-post post-32505 post type-post status-publish format-standard hentry category-non-categorizzato\">\n\n\n<div class=\"taxonomy-category wp-block-post-terms has-text-color has-secondary-color has-background has-background-background-color\"><a href=\"https:\/\/mail.sts-psa.ch\/it\/category\/non-categorizzato\/\" rel=\"tag\">Non categorizzato<\/a><\/div>\n\n<h3 class=\"wp-block-post-title\"><a href=\"https:\/\/mail.sts-psa.ch\/it\/so-schuetzen-sie-ihre-haustiere-vor-sommerhitze\/\" target=\"_self\" >So sch\u00fctzen Sie Ihre Haustiere vor Sommerhitze<\/a><\/h3>\n\n<div class=\"wp-block-post-date has-text-color has-secondary-color\"><time datetime=\"2025-06-26T16:21:52+02:00\">26 Giugno 2025<\/time><\/div>\n\n<div class=\"wp-block-post-excerpt\"><p class=\"wp-block-post-excerpt__excerpt\">Die Sommer werden immer heisser \u2013 und das stellt nicht nur uns Menschen, sondern auch unsere Haustiere vor grosse Herausforderungen. Ob Hund, Katze oder Nager: Hitze kann f\u00fcr Tiere schnell gef\u00e4hrlich werden. Mit einfachen Massnahmen und Aufmerksamkeit k\u00f6nnen Sie Ihre Lieblinge aber wirksam sch\u00fctzen.<\/p><p class=\"wp-block-post-excerpt__more-text\"><a class=\"wp-block-post-excerpt__more-link\" href=\"https:\/\/mail.sts-psa.ch\/it\/so-schuetzen-sie-ihre-haustiere-vor-sommerhitze\/\"><strong>All\u2019articolo<\/strong><\/a><\/p><\/div>\n<\/li><li class=\"wp-block-post post-30679 post type-post status-publish format-standard has-post-thumbnail hentry category-protezione-svizzera-degli-animali-psa\">\n<figure class=\"wp-block-post-featured-image\"><a href=\"https:\/\/mail.sts-psa.ch\/it\/sono-un-attivista-pragmatico-per-i-diritti-degli-animali\/\" target=\"_self\"  ><img loading=\"lazy\" decoding=\"async\" width=\"2560\" height=\"1440\" src=\"https:\/\/mail.sts-psa.ch\/app\/uploads\/2025\/04\/peter-v-kunz-interview-artikelblid-scaled.jpg\" class=\"attachment-post-thumbnail size-post-thumbnail wp-post-image\" alt=\"\u00abSono un difensore degli animali pragmatico\u00bb\" style=\"object-fit:cover;\" srcset=\"https:\/\/mail.sts-psa.ch\/app\/uploads\/2025\/04\/peter-v-kunz-interview-artikelblid-scaled.jpg 2560w, https:\/\/mail.sts-psa.ch\/app\/uploads\/2025\/04\/peter-v-kunz-interview-artikelblid-300x169.jpg 300w, https:\/\/mail.sts-psa.ch\/app\/uploads\/2025\/04\/peter-v-kunz-interview-artikelblid-1024x576.jpg 1024w, https:\/\/mail.sts-psa.ch\/app\/uploads\/2025\/04\/peter-v-kunz-interview-artikelblid-768x432.jpg 768w, https:\/\/mail.sts-psa.ch\/app\/uploads\/2025\/04\/peter-v-kunz-interview-artikelblid-1536x864.jpg 1536w, https:\/\/mail.sts-psa.ch\/app\/uploads\/2025\/04\/peter-v-kunz-interview-artikelblid-2048x1152.jpg 2048w\" sizes=\"auto, (max-width: 2560px) 100vw, 2560px\" \/><\/a><\/figure>\n\n<div class=\"taxonomy-category wp-block-post-terms has-text-color has-secondary-color has-background has-background-background-color\"><a href=\"https:\/\/mail.sts-psa.ch\/it\/category\/protezione-svizzera-degli-animali-psa\/\" rel=\"tag\">Protezione Svizzera degli Animali PSA<\/a><\/div>\n\n<h3 class=\"wp-block-post-title\"><a href=\"https:\/\/mail.sts-psa.ch\/it\/sono-un-attivista-pragmatico-per-i-diritti-degli-animali\/\" target=\"_self\" >\u00abSono un difensore degli animali pragmatico\u00bb<\/a><\/h3>\n\n<div class=\"wp-block-post-date has-text-color has-secondary-color\"><time datetime=\"2025-04-01T08:26:20+02:00\">1 Aprile 2025<\/time><\/div>\n\n<div class=\"wp-block-post-excerpt\"><p class=\"wp-block-post-excerpt__excerpt\">Dal 2005 \u00e8 professore di diritto economico presso l\u2019Universit\u00e0 di Berna e tiene delle lezioni di diritto degli animali: ora il sessantenne Peter V. Kunz vuole anche dare un contributo concreto al benessere degli animali come nuovo Presidente della Protezione Svizzera degli Animali PSA. Leggete come intende rinnovare l\u2019associazione. Scoprite dove la protezione degli animali&hellip;<\/p><p class=\"wp-block-post-excerpt__more-text\"><a class=\"wp-block-post-excerpt__more-link\" href=\"https:\/\/mail.sts-psa.ch\/it\/sono-un-attivista-pragmatico-per-i-diritti-degli-animali\/\"><strong>All\u2019articolo<\/strong><\/a><\/p><\/div>\n<\/li><\/ul>\n\n<nav class=\"wp-block-query-pagination is-content-justification-center is-layout-flex wp-container-core-query-pagination-is-layout-a89b3969 wp-block-query-pagination-is-layout-flex\" aria-label=\"Paginazione\">\n<a href=\"\/it\/wp-json\/wp\/v2\/pages\/3558?query-0-page=2\" class=\"wp-block-query-pagination-next\">Altri articoli<\/a>\n<\/nav>\n\n<\/div>\n\n\n\n<hr class=\"wp-block-separator has-text-color has-gray-color has-alpha-channel-opacity has-gray-background-color has-background is-style-wide\"\/>\n<\/div>\n\n\n\n\n\n<hr class=\"wp-block-separator has-text-color has-gray-color has-alpha-channel-opacity has-gray-background-color has-background is-style-wide\"\/>\n\n\n\n<div class=\"wp-block-group alignfull has-background-background-color has-background is-layout-constrained wp-block-group-is-layout-constrained\">\n<div class=\"wp-block-columns is-layout-flex wp-container-core-columns-is-layout-28f84493 wp-block-columns-is-layout-flex\">\n<div class=\"wp-block-column is-layout-flow wp-block-column-is-layout-flow\">\n<div class=\"wp-block-media-text alignwide is-stacked-on-mobile is-style-default\"><figure class=\"wp-block-media-text__media\"><img loading=\"lazy\" decoding=\"async\" width=\"1006\" height=\"752\" src=\"https:\/\/tierschutz.com\/app\/uploads\/2023\/05\/sts-sektionen-map.jpg\" alt=\"\" class=\"wp-image-690 size-full\" srcset=\"https:\/\/mail.sts-psa.ch\/app\/uploads\/2023\/05\/sts-sektionen-map.jpg 1006w, https:\/\/mail.sts-psa.ch\/app\/uploads\/2023\/05\/sts-sektionen-map-300x224.jpg 300w, https:\/\/mail.sts-psa.ch\/app\/uploads\/2023\/05\/sts-sektionen-map-768x574.jpg 768w\" sizes=\"auto, (max-width: 1006px) 100vw, 1006px\" \/><\/figure><div class=\"wp-block-media-text__content\">\n<h3 class=\"wp-block-heading\" id=\"h-le-nostre-sezioni-nbsp\"><strong><strong>Le nostre sezioni&nbsp;<\/strong><\/strong><\/h3>\n\n\n\n<p>Con i loro rifugi e centri di cura per animali, le sezioni PSA si occupano del lavoro di base per la protezione degli animali in tutti i Cantoni e le regioni linguistiche della Svizzera.<\/p>\n\n\n\n<p><\/p>\n\n\n\n<p><\/p>\n\n\n\n<div class=\"wp-block-buttons is-layout-flex wp-block-buttons-is-layout-flex\">\n<div class=\"wp-block-button\"><a class=\"wp-block-button__link wp-element-button\" href=\"https:\/\/tierschutz.com\/it\/chi-siamo\/associazione\/sezioni\/\">Alle sezioni<\/a><\/div>\n<\/div>\n<\/div><\/div>\n<\/div>\n<\/div>\n<\/div>\n","protected":false},"excerpt":{"rendered":"<p>Per saperne di pi\u00f9 Detenzione di animali Come detentori e detentrici di un animale domestico, vi assumete un\u2019importante responsabilit\u00e0 per [&hellip;]<\/p>\n","protected":false},"author":5,"featured_media":0,"parent":0,"menu_order":64,"comment_status":"closed","ping_status":"closed","template":"","meta":{"_acf_changed":false,"inline_featured_image":false,"_vp_format_video_url":"","_vp_image_focal_point":[],"footnotes":""},"class_list":["post-3558","page","type-page","status-publish","hentry"],"acf":[],"yoast_head":"<!-- This site is optimized with the Yoast SEO Premium plugin v27.4 (Yoast SEO v27.4) - https:\/\/yoast.com\/product\/yoast-seo-premium-wordpress\/ -->\n<title>Homepage - Protezione Svizzera degli Animali PSA<\/title>\n<meta name=\"description\" content=\"Da oltre 160 anni la Protezione Svizzera degli Animali PSA si impegna per il benessere degli animali in modo costante, credibile ed efficace. La PSA utilizza la sua forte competenza a livello nazionale in ambito tecnico e politico per migliorare la tutela degli animali e per sensibilizzare le persone verso le tematiche concernenti la protezione degli animali.\u00a0Con i loro rifugi e case di accoglienza, le 71 sezioni dell&#039;PSA in tutti i cantoni e le regioni linguistiche della Svizzera e del Liechtenstein svolgono un lavoro fondamentale per la protezione degli animali. La PSA finanzia le proprie attivit\u00e0 esclusivamente tramite donazioni.\" \/>\n<meta name=\"robots\" content=\"index, follow, max-snippet:-1, max-image-preview:large, max-video-preview:-1\" \/>\n<link rel=\"canonical\" href=\"https:\/\/mail.sts-psa.ch\/it\/\" \/>\n<link rel=\"next\" href=\"https:\/\/mail.sts-psa.ch\/it\/3558\/?query-0-page=2\" \/>\n<meta property=\"og:locale\" content=\"it_IT\" \/>\n<meta property=\"og:type\" content=\"article\" \/>\n<meta property=\"og:title\" content=\"Homepage\" \/>\n<meta property=\"og:description\" content=\"Da oltre 160 anni la Protezione Svizzera degli Animali PSA si impegna per il benessere degli animali in modo costante, credibile ed efficace. La PSA utilizza la sua forte competenza a livello nazionale in ambito tecnico e politico per migliorare la tutela degli animali e per sensibilizzare le persone verso le tematiche concernenti la protezione degli animali.\u00a0Con i loro rifugi e case di accoglienza, le 71 sezioni dell&#039;PSA in tutti i cantoni e le regioni linguistiche della Svizzera e del Liechtenstein svolgono un lavoro fondamentale per la protezione degli animali. La PSA finanzia le proprie attivit\u00e0 esclusivamente tramite donazioni.\" \/>\n<meta property=\"og:url\" content=\"https:\/\/mail.sts-psa.ch\/it\/\" \/>\n<meta property=\"og:site_name\" content=\"Protezione Svizzera degli Animali PSA\" \/>\n<meta property=\"article:publisher\" content=\"https:\/\/www.facebook.com\/schweizertierschutz\/\" \/>\n<meta property=\"article:modified_time\" content=\"2026-04-13T09:16:24+00:00\" \/>\n<meta property=\"og:image\" content=\"https:\/\/tierschutz.com\/app\/uploads\/2026\/02\/STS_Kampagne_Landing-Page_2600x958_Schlamm_3-1024x377.jpg\" \/>\n<meta name=\"twitter:card\" content=\"summary_large_image\" \/>\n<meta name=\"twitter:label1\" content=\"Tempo di lettura stimato\" \/>\n\t<meta name=\"twitter:data1\" content=\"8 minuti\" \/>\n<script type=\"application\/ld+json\" class=\"yoast-schema-graph\">{\"@context\":\"https:\\\/\\\/schema.org\",\"@graph\":[{\"@type\":\"WebPage\",\"@id\":\"https:\\\/\\\/mail.sts-psa.ch\\\/it\\\/\",\"url\":\"https:\\\/\\\/mail.sts-psa.ch\\\/it\\\/\",\"name\":\"Homepage - Protezione Svizzera degli Animali PSA\",\"isPartOf\":{\"@id\":\"https:\\\/\\\/tierschutz.com\\\/it\\\/#website\"},\"primaryImageOfPage\":{\"@id\":\"https:\\\/\\\/mail.sts-psa.ch\\\/it\\\/#primaryimage\"},\"image\":{\"@id\":\"https:\\\/\\\/mail.sts-psa.ch\\\/it\\\/#primaryimage\"},\"thumbnailUrl\":\"https:\\\/\\\/tierschutz.com\\\/app\\\/uploads\\\/2026\\\/02\\\/STS_Kampagne_Landing-Page_2600x958_Schlamm_3-1024x377.jpg\",\"datePublished\":\"2023-04-21T14:06:24+00:00\",\"dateModified\":\"2026-04-13T09:16:24+00:00\",\"description\":\"Da oltre 160 anni la Protezione Svizzera degli Animali PSA si impegna per il benessere degli animali in modo costante, credibile ed efficace. La PSA utilizza la sua forte competenza a livello nazionale in ambito tecnico e politico per migliorare la tutela degli animali e per sensibilizzare le persone verso le tematiche concernenti la protezione degli animali.\u00a0Con i loro rifugi e case di accoglienza, le 71 sezioni dell'PSA in tutti i cantoni e le regioni linguistiche della Svizzera e del Liechtenstein svolgono un lavoro fondamentale per la protezione degli animali. La PSA finanzia le proprie attivit\u00e0 esclusivamente tramite donazioni.\",\"breadcrumb\":{\"@id\":\"https:\\\/\\\/mail.sts-psa.ch\\\/it\\\/#breadcrumb\"},\"inLanguage\":\"it-IT\",\"potentialAction\":[{\"@type\":\"ReadAction\",\"target\":[\"https:\\\/\\\/mail.sts-psa.ch\\\/it\\\/\"]}]},{\"@type\":\"ImageObject\",\"inLanguage\":\"it-IT\",\"@id\":\"https:\\\/\\\/mail.sts-psa.ch\\\/it\\\/#primaryimage\",\"url\":\"https:\\\/\\\/tierschutz.com\\\/app\\\/uploads\\\/2026\\\/02\\\/STS_Kampagne_Landing-Page_2600x958_Schlamm_3-1024x377.jpg\",\"contentUrl\":\"https:\\\/\\\/tierschutz.com\\\/app\\\/uploads\\\/2026\\\/02\\\/STS_Kampagne_Landing-Page_2600x958_Schlamm_3-1024x377.jpg\"},{\"@type\":\"BreadcrumbList\",\"@id\":\"https:\\\/\\\/mail.sts-psa.ch\\\/it\\\/#breadcrumb\",\"itemListElement\":[{\"@type\":\"ListItem\",\"position\":1,\"name\":\"Pagina iniziale\",\"item\":\"https:\\\/\\\/tierschutz.com\\\/it\\\/\"},{\"@type\":\"ListItem\",\"position\":2,\"name\":\"Homepage\"}]},{\"@type\":\"WebSite\",\"@id\":\"https:\\\/\\\/tierschutz.com\\\/it\\\/#website\",\"url\":\"https:\\\/\\\/tierschutz.com\\\/it\\\/\",\"name\":\"tierschutz.com\",\"description\":\"Wir setzen uns f\u00fcr das Wohl der Tiere ein.\",\"publisher\":{\"@id\":\"https:\\\/\\\/tierschutz.com\\\/it\\\/#organization\"},\"alternateName\":\"Schweizer Tierschutz STS\",\"potentialAction\":[{\"@type\":\"SearchAction\",\"target\":{\"@type\":\"EntryPoint\",\"urlTemplate\":\"https:\\\/\\\/tierschutz.com\\\/it\\\/?s={search_term_string}\"},\"query-input\":{\"@type\":\"PropertyValueSpecification\",\"valueRequired\":true,\"valueName\":\"search_term_string\"}}],\"inLanguage\":\"it-IT\"},{\"@type\":\"Organization\",\"@id\":\"https:\\\/\\\/tierschutz.com\\\/it\\\/#organization\",\"name\":\"Schweizer Tierschutz STS\",\"alternateName\":\"STS\",\"url\":\"https:\\\/\\\/tierschutz.com\\\/it\\\/\",\"logo\":{\"@type\":\"ImageObject\",\"inLanguage\":\"it-IT\",\"@id\":\"https:\\\/\\\/tierschutz.com\\\/it\\\/#\\\/schema\\\/logo\\\/image\\\/\",\"url\":\"https:\\\/\\\/mail.sts-psa.ch\\\/app\\\/uploads\\\/2024\\\/04\\\/logo-schweizer-tierschutz-sts-1.svg\",\"contentUrl\":\"https:\\\/\\\/mail.sts-psa.ch\\\/app\\\/uploads\\\/2024\\\/04\\\/logo-schweizer-tierschutz-sts-1.svg\",\"caption\":\"Schweizer Tierschutz STS\"},\"image\":{\"@id\":\"https:\\\/\\\/tierschutz.com\\\/it\\\/#\\\/schema\\\/logo\\\/image\\\/\"},\"sameAs\":[\"https:\\\/\\\/www.facebook.com\\\/schweizertierschutz\\\/\",\"https:\\\/\\\/www.instagram.com\\\/schweizertierschutzsts\\\/\",\"https:\\\/\\\/www.youtube.com\\\/@STS_Tierschutz\",\"https:\\\/\\\/www.linkedin.com\\\/company\\\/schweizertierschutzsts\\\/\"],\"description\":\"Der Schweizer Tierschutz STS ist der Dachverband von 71 Tierschutzorganisationen in allen Sprachregionen der Schweiz und in Liechtenstein. Seine Mitarbeitenden leisten wissenschaftlich fundierte Grundlagenarbeit, setzen sich mit Projekten und Aktionen f\u00fcr den Schutz und das Wohlbefinden von Heim-, Wild-, Nutz- und Versuchstieren ein und sensibilisieren die \u00d6ffentlichkeit f\u00fcr Tierschutzthemen.\",\"email\":\"sts@tierschutz.com\",\"telephone\":\"061 365 99 99\",\"legalName\":\"Schweizer Tierschutz STS\"}]}<\/script>\n<!-- \/ Yoast SEO Premium plugin. -->","yoast_head_json":{"title":"Homepage - Protezione Svizzera degli Animali PSA","description":"Da oltre 160 anni la Protezione Svizzera degli Animali PSA si impegna per il benessere degli animali in modo costante, credibile ed efficace. La PSA utilizza la sua forte competenza a livello nazionale in ambito tecnico e politico per migliorare la tutela degli animali e per sensibilizzare le persone verso le tematiche concernenti la protezione degli animali.\u00a0Con i loro rifugi e case di accoglienza, le 71 sezioni dell'PSA in tutti i cantoni e le regioni linguistiche della Svizzera e del Liechtenstein svolgono un lavoro fondamentale per la protezione degli animali. La PSA finanzia le proprie attivit\u00e0 esclusivamente tramite donazioni.","robots":{"index":"index","follow":"follow","max-snippet":"max-snippet:-1","max-image-preview":"max-image-preview:large","max-video-preview":"max-video-preview:-1"},"canonical":"https:\/\/mail.sts-psa.ch\/it\/","next":"https:\/\/mail.sts-psa.ch\/it\/3558?query-0-page=2","og_locale":"it_IT","og_type":"article","og_title":"Homepage","og_description":"Da oltre 160 anni la Protezione Svizzera degli Animali PSA si impegna per il benessere degli animali in modo costante, credibile ed efficace. La PSA utilizza la sua forte competenza a livello nazionale in ambito tecnico e politico per migliorare la tutela degli animali e per sensibilizzare le persone verso le tematiche concernenti la protezione degli animali.\u00a0Con i loro rifugi e case di accoglienza, le 71 sezioni dell'PSA in tutti i cantoni e le regioni linguistiche della Svizzera e del Liechtenstein svolgono un lavoro fondamentale per la protezione degli animali. La PSA finanzia le proprie attivit\u00e0 esclusivamente tramite donazioni.","og_url":"https:\/\/mail.sts-psa.ch\/it\/","og_site_name":"Protezione Svizzera degli Animali PSA","article_publisher":"https:\/\/www.facebook.com\/schweizertierschutz\/","article_modified_time":"2026-04-13T09:16:24+00:00","og_image":[{"url":"https:\/\/tierschutz.com\/app\/uploads\/2026\/02\/STS_Kampagne_Landing-Page_2600x958_Schlamm_3-1024x377.jpg","type":"","width":"","height":""}],"twitter_card":"summary_large_image","twitter_misc":{"Tempo di lettura stimato":"8 minuti"},"schema":{"@context":"https:\/\/schema.org","@graph":[{"@type":"WebPage","@id":"https:\/\/mail.sts-psa.ch\/it\/","url":"https:\/\/mail.sts-psa.ch\/it\/","name":"Homepage - Protezione Svizzera degli Animali PSA","isPartOf":{"@id":"https:\/\/tierschutz.com\/it\/#website"},"primaryImageOfPage":{"@id":"https:\/\/mail.sts-psa.ch\/it\/#primaryimage"},"image":{"@id":"https:\/\/mail.sts-psa.ch\/it\/#primaryimage"},"thumbnailUrl":"https:\/\/tierschutz.com\/app\/uploads\/2026\/02\/STS_Kampagne_Landing-Page_2600x958_Schlamm_3-1024x377.jpg","datePublished":"2023-04-21T14:06:24+00:00","dateModified":"2026-04-13T09:16:24+00:00","description":"Da oltre 160 anni la Protezione Svizzera degli Animali PSA si impegna per il benessere degli animali in modo costante, credibile ed efficace. La PSA utilizza la sua forte competenza a livello nazionale in ambito tecnico e politico per migliorare la tutela degli animali e per sensibilizzare le persone verso le tematiche concernenti la protezione degli animali.\u00a0Con i loro rifugi e case di accoglienza, le 71 sezioni dell'PSA in tutti i cantoni e le regioni linguistiche della Svizzera e del Liechtenstein svolgono un lavoro fondamentale per la protezione degli animali. La PSA finanzia le proprie attivit\u00e0 esclusivamente tramite donazioni.","breadcrumb":{"@id":"https:\/\/mail.sts-psa.ch\/it\/#breadcrumb"},"inLanguage":"it-IT","potentialAction":[{"@type":"ReadAction","target":["https:\/\/mail.sts-psa.ch\/it\/"]}]},{"@type":"ImageObject","inLanguage":"it-IT","@id":"https:\/\/mail.sts-psa.ch\/it\/#primaryimage","url":"https:\/\/tierschutz.com\/app\/uploads\/2026\/02\/STS_Kampagne_Landing-Page_2600x958_Schlamm_3-1024x377.jpg","contentUrl":"https:\/\/tierschutz.com\/app\/uploads\/2026\/02\/STS_Kampagne_Landing-Page_2600x958_Schlamm_3-1024x377.jpg"},{"@type":"BreadcrumbList","@id":"https:\/\/mail.sts-psa.ch\/it\/#breadcrumb","itemListElement":[{"@type":"ListItem","position":1,"name":"Pagina iniziale","item":"https:\/\/tierschutz.com\/it\/"},{"@type":"ListItem","position":2,"name":"Homepage"}]},{"@type":"WebSite","@id":"https:\/\/tierschutz.com\/it\/#website","url":"https:\/\/tierschutz.com\/it\/","name":"tierschutz.com","description":"Wir setzen uns f\u00fcr das Wohl der Tiere ein.","publisher":{"@id":"https:\/\/tierschutz.com\/it\/#organization"},"alternateName":"Schweizer Tierschutz STS","potentialAction":[{"@type":"SearchAction","target":{"@type":"EntryPoint","urlTemplate":"https:\/\/tierschutz.com\/it\/?s={search_term_string}"},"query-input":{"@type":"PropertyValueSpecification","valueRequired":true,"valueName":"search_term_string"}}],"inLanguage":"it-IT"},{"@type":"Organization","@id":"https:\/\/tierschutz.com\/it\/#organization","name":"Schweizer Tierschutz STS","alternateName":"STS","url":"https:\/\/tierschutz.com\/it\/","logo":{"@type":"ImageObject","inLanguage":"it-IT","@id":"https:\/\/tierschutz.com\/it\/#\/schema\/logo\/image\/","url":"https:\/\/mail.sts-psa.ch\/app\/uploads\/2024\/04\/logo-schweizer-tierschutz-sts-1.svg","contentUrl":"https:\/\/mail.sts-psa.ch\/app\/uploads\/2024\/04\/logo-schweizer-tierschutz-sts-1.svg","caption":"Schweizer Tierschutz STS"},"image":{"@id":"https:\/\/tierschutz.com\/it\/#\/schema\/logo\/image\/"},"sameAs":["https:\/\/www.facebook.com\/schweizertierschutz\/","https:\/\/www.instagram.com\/schweizertierschutzsts\/","https:\/\/www.youtube.com\/@STS_Tierschutz","https:\/\/www.linkedin.com\/company\/schweizertierschutzsts\/"],"description":"Der Schweizer Tierschutz STS ist der Dachverband von 71 Tierschutzorganisationen in allen Sprachregionen der Schweiz und in Liechtenstein. Seine Mitarbeitenden leisten wissenschaftlich fundierte Grundlagenarbeit, setzen sich mit Projekten und Aktionen f\u00fcr den Schutz und das Wohlbefinden von Heim-, Wild-, Nutz- und Versuchstieren ein und sensibilisieren die \u00d6ffentlichkeit f\u00fcr Tierschutzthemen.","email":"sts@tierschutz.com","telephone":"061 365 99 99","legalName":"Schweizer Tierschutz STS"}]}},"_links":{"self":[{"href":"https:\/\/mail.sts-psa.ch\/it\/wp-json\/wp\/v2\/pages\/3558","targetHints":{"allow":["GET"]}}],"collection":[{"href":"https:\/\/mail.sts-psa.ch\/it\/wp-json\/wp\/v2\/pages"}],"about":[{"href":"https:\/\/mail.sts-psa.ch\/it\/wp-json\/wp\/v2\/types\/page"}],"author":[{"embeddable":true,"href":"https:\/\/mail.sts-psa.ch\/it\/wp-json\/wp\/v2\/users\/5"}],"replies":[{"embeddable":true,"href":"https:\/\/mail.sts-psa.ch\/it\/wp-json\/wp\/v2\/comments?post=3558"}],"version-history":[{"count":75,"href":"https:\/\/mail.sts-psa.ch\/it\/wp-json\/wp\/v2\/pages\/3558\/revisions"}],"predecessor-version":[{"id":36880,"href":"https:\/\/mail.sts-psa.ch\/it\/wp-json\/wp\/v2\/pages\/3558\/revisions\/36880"}],"wp:attachment":[{"href":"https:\/\/mail.sts-psa.ch\/it\/wp-json\/wp\/v2\/media?parent=3558"}],"curies":[{"name":"wp","href":"https:\/\/api.w.org\/{rel}","templated":true}]}}